{"id":7431,"date":"2025-04-06T16:58:32","date_gmt":"2025-04-06T15:58:32","guid":{"rendered":"http:\/\/develop.teammuenchen.de\/?page_id=7431"},"modified":"2026-07-12T13:17:43","modified_gmt":"2026-07-12T12:17:43","slug":"about-us","status":"publish","type":"page","link":"https:\/\/teammuenchen.de\/en\/verein\/ueber-uns\/","title":{"rendered":"We are Team Munich"},"content":{"rendered":"<div class=\"wp-block-group alignwide wp-elements-1 has-global-padding is-layout-constrained wp-container-core-group-is-layout-b20810d2 wp-block-group-is-layout-constrained\" style=\"padding-top:60px;padding-right:20px;padding-bottom:60px;padding-left:20px\">\n<div class=\"wp-block-group has-global-padding is-content-justification-left is-layout-constrained wp-container-core-group-is-layout-b4f291b5 wp-block-group-is-layout-constrained\">\n<p class=\"has-contrast-2-color has-text-color has-link-color wp-elements-2 wp-block-paragraph\" style=\"font-style:normal;font-weight:600\">Your queer sports club in Bavaria's capital.<\/p>\n\n\n\n<h1 class=\"wp-block-heading\">Team Munich \u2013<br>The sporting diversity.<\/h1>\n<\/div>\n\n\n\n<div class=\"wp-block-group has-global-padding is-layout-constrained wp-container-core-group-is-layout-e429e249 wp-block-group-is-layout-constrained\">\n<div class=\"wp-block-columns are-vertically-aligned-top is-layout-flex wp-container-core-columns-is-layout-3c2198c2 wp-block-columns-is-layout-flex\" style=\"margin-top:0;margin-bottom:0\">\n<div class=\"wp-block-column is-vertically-aligned-top is-layout-flow wp-container-core-column-is-layout-02e95266 wp-block-column-is-layout-flow\" style=\"flex-basis:50%\">\n<p class=\"wp-block-paragraph\">With over 1,000 members, we are the largest queer sports club in Bavaria. Since our foundation, many dedicated people have been committed to raising the profile of the club in Munich and the nationwide LGBTIQ+ community and developing it further.<\/p>\n<\/div>\n\n\n\n<div class=\"wp-block-column is-layout-flow wp-block-column-is-layout-flow\">\n<div class=\"wp-block-group has-custom-rainbow-orange-1-background-color has-background has-large-font-size wp-elements-3 has-global-padding is-layout-constrained wp-container-core-group-is-layout-5ca801b3 wp-block-group-is-layout-constrained\" style=\"border-radius:8px;margin-top:0;margin-bottom:0;padding-top:20px;padding-right:20px;padding-bottom:20px;padding-left:20px;font-style:normal;font-weight:600\">\n<h2 class=\"wp-block-heading has-text-align-center has-base-color has-text-color has-link-color wp-elements-4\">Our motto is:<\/h2>\n\n\n\n<h2 class=\"wp-block-heading has-text-align-center\">Together we are stronger<\/h2>\n<\/div>\n<\/div>\n<\/div>\n\n\n\n<p class=\"wp-block-paragraph\">We currently offer recreational sports in over 20 different disciplines \u2014 from football and dancing to yoga. Some of our teams participate with great enthusiasm and success in the Bavarian leagues, for example in football, table tennis, badminton, handball, rugby and volleyball. We also collaborate with other queer clubs in Munich to strengthen the links between sport, exchange and community.<\/p>\n<\/div>\n\n\n\n<h2 class=\"wp-block-heading has-text-align-center\">We are committed to visibility and acceptance<\/h2>\n\n\n\n<div class=\"wp-block-group has-border-color has-custom-rainbow-orange-1-border-color has-link-color wp-elements-5 has-global-padding is-layout-constrained wp-container-core-group-is-layout-59cf6d22 wp-block-group-is-layout-constrained\" style=\"border-width:2px;border-radius:8px;padding-top:30px;padding-right:30px;padding-bottom:30px;padding-left:30px\">\n<h2 class=\"wp-block-heading has-text-align-left\">Our other activities in the association<\/h2>\n\n\n\n<p class=\"wp-block-paragraph\" style=\"font-style:normal;font-weight:600\">In addition to sport, we are also active outside the hall, the pitch or the studio: Team Munich is regularly represented at numerous community events in Munich, Germany and worldwide \u2013 always with passion, team spirit and a joy in diversity. Examples of this are:<\/p>\n\n\n\n<ul class=\"wp-block-list\">\n<li>Our multi-sport tournament \"SommerSportFestival\"<\/li>\n\n\n\n<li>Climbing in co-operation with the <a href=\"https:\/\/www.dav-goc.de\/\" target=\"_blank\" rel=\"noreferrer noopener nofollow\">GOC<\/a><\/li>\n\n\n\n<li>Participation in the <a href=\"https:\/\/www.runforlife.de\/\" target=\"_blank\" rel=\"noreferrer noopener nofollow\">Run for Life<\/a><\/li>\n\n\n\n<li>Our own truck at the  <a href=\"https:\/\/www.csdmuenchen.de\/\" target=\"_blank\" rel=\"noreferrer noopener\">CSD Munich<\/a><\/li>\n\n\n\n<li>Information stand at various street festivals<\/li>\n\n\n\n<li>Member association in international umbrella organisations such as the&nbsp;<a href=\"https:\/\/www.eglsf.info\/\" target=\"_blank\" rel=\"noreferrer noopener nofollow\">EGLSF<\/a> and&nbsp;<a href=\"https:\/\/www.gaygames.org\/\" target=\"_blank\" rel=\"noreferrer noopener nofollow\">FGG<\/a><\/li>\n<\/ul>\n<\/div>\n\n\n\n<div style=\"height:40px\" aria-hidden=\"true\" class=\"wp-block-spacer\"><\/div>\n\n\n\n<div class=\"wp-block-group has-global-padding is-layout-constrained wp-container-core-group-is-layout-6650f995 wp-block-group-is-layout-constrained\">\n<div class=\"wp-block-group has-custom-gelb-dunkel-color has-custom-rainbow-orange-1-background-color has-text-color has-background has-large-font-size wp-elements-6 has-global-padding is-layout-constrained wp-container-core-group-is-layout-59cf6d22 wp-block-group-is-layout-constrained\" style=\"border-radius:8px;padding-top:30px;padding-right:30px;padding-bottom:30px;padding-left:30px;font-style:normal;font-weight:600\">\n<h2 class=\"wp-block-heading has-text-align-center is-style-default\">We want to offer queer people and allies a safe space to do sports.<\/h2>\n<\/div>\n<\/div>\n<\/div>\n\n\n\n<div class=\"wp-block-group alignwide wp-elements-7 has-global-padding is-layout-constrained wp-container-core-group-is-layout-c597a181 wp-block-group-is-layout-constrained\" style=\"padding-top:60px;padding-right:20px;padding-bottom:60px;padding-left:20px\">\n<div class=\"wp-block-group alignfull has-base-2-background-color has-background wp-elements-8 has-global-padding is-layout-constrained wp-container-core-group-is-layout-0755d5ee wp-block-group-is-layout-constrained\" style=\"padding-top:50px;padding-right:20px;padding-bottom:50px;padding-left:20px\">\n<h2 class=\"wp-block-heading\">Twenty-five years of queer sportsmanship in Munich<\/h2>\n\n\n\n<p class=\"wp-block-paragraph\">Over many years, a diverse queer sports scene has developed in Munich, consisting of numerous smaller gay and lesbian clubs and groups: Bavaria Ros\u00e9 (volleyball), the FrontRunners (running), the Isarhechte (swimming), the Streetboys and Elfen (football), the Racketclub (tennis\/squash\/badminton), the Amazonen (women's club) and other initiatives.<\/p>\n\n\n\n<p class=\"wp-block-paragraph\">In 1998, several of these Munich teams travelled together to the Gay Games in Amsterdam for the first time. The shared experience showed how much stronger they could be when they acted together \u2013 and back in Munich, the desire arose to combine these forces on a permanent basis.<\/p>\n\n\n\n<p class=\"wp-block-paragraph\">In July 1999, Team Munich was finally established as a registered, non-profit association.<\/p>\n\n\n\n<p class=\"wp-block-paragraph\">Since its inception, queer sport has continued to develop in Munich, the capital of Bavaria. The growing momentum and commitment of many clubs made it possible for the EuroGames to be held in Munich in the summer of 2004, with over 5,000 athletes and thousands of visitors and spectators.<\/p>\n\n\n\n<p class=\"wp-block-paragraph\">Today, more than 3,000 athletes are organised in eight LGBTIQ+ clubs in Munich, together shaping a diverse and vibrant queer sports landscape.<\/p>\n\n\n\n<div class=\"wp-block-columns is-layout-flex wp-container-core-columns-is-layout-0e47273b wp-block-columns-is-layout-flex\">\n<div class=\"wp-block-column is-layout-flow wp-block-column-is-layout-flow\">\n<p class=\"wp-block-paragraph\">Team Munich's 25th anniversary celebration on 8 June 2024 impressively showcased our success story: the range of sports on offer and the number of members have more than tripled since the beginning, and Team Munich remains the driving force behind new leisure and sports activities in Munich to this day.<\/p>\n\n\n\n<p class=\"wp-block-paragraph\">Even today, the LGBTIQ+ community makes us strong. Even today, it is clear how important a large queer sports club like Team M\u00fcnchen is \u2013 a club that has already achieved a lot, but still has a lot to achieve in the future.<\/p>\n<\/div>\n\n\n\n<div class=\"wp-block-column is-layout-flow wp-block-column-is-layout-flow\" style=\"flex-basis:40%\">\n<figure class=\"wp-block-image size-large has-custom-border\"><img loading=\"lazy\" decoding=\"async\" width=\"1024\" height=\"1024\" src=\"https:\/\/teammuenchen.de\/wp-content\/uploads\/2025\/06\/TM_picture_25Jahre_Torte-1024x1024.jpg\" alt=\"\" class=\"wp-image-9962\" style=\"border-radius:5px\" srcset=\"https:\/\/teammuenchen.de\/wp-content\/uploads\/2025\/06\/TM_picture_25Jahre_Torte-1024x1024.jpg 1024w, https:\/\/teammuenchen.de\/wp-content\/uploads\/2025\/06\/TM_picture_25Jahre_Torte-300x300.jpg 300w, https:\/\/teammuenchen.de\/wp-content\/uploads\/2025\/06\/TM_picture_25Jahre_Torte-150x150.jpg 150w, https:\/\/teammuenchen.de\/wp-content\/uploads\/2025\/06\/TM_picture_25Jahre_Torte-768x768.jpg 768w, https:\/\/teammuenchen.de\/wp-content\/uploads\/2025\/06\/TM_picture_25Jahre_Torte-12x12.jpg 12w, https:\/\/teammuenchen.de\/wp-content\/uploads\/2025\/06\/TM_picture_25Jahre_Torte.jpg 1440w\" sizes=\"auto, (max-width: 1024px) 100vw, 1024px\" \/><\/figure>\n<\/div>\n<\/div>\n<\/div>\n\n\n\n<div class=\"wp-block-group has-global-padding is-layout-constrained wp-container-core-group-is-layout-753c49c2 wp-block-group-is-layout-constrained\">\n<h2 class=\"wp-block-heading has-text-align-center\"><strong>Events we are proud of<\/strong><\/h2>\n\n\n\n<p class=\"has-text-align-center wp-block-paragraph\">Team Munich is not only active in sports, but also regularly organises and co-organises major queer sporting events and community highlights. Here you will find a selection of our past tournaments, campaigns and events that show how colourful, diverse and committed our community is \u2013 both on and off the field.<\/p>\n\n\n\n<div data-wp-context=\"{ &quot;autoclose&quot;: true, &quot;accordionItems&quot;: [] }\" data-wp-interactive=\"core\/accordion\" role=\"group\" class=\"wp-block-accordion is-layout-flow wp-container-core-accordion-is-layout-3260018e wp-block-accordion-is-layout-flow\" style=\"padding-top:0;padding-right:0;padding-bottom:0;padding-left:0\">\n<div data-wp-class--is-open=\"state.isOpen\" data-wp-context=\"{ &quot;id&quot;: &quot;accordion-item-1&quot;, &quot;openByDefault&quot;: false }\" data-wp-init=\"callbacks.initAccordionItems\" data-wp-on-window--hashchange=\"callbacks.hashChange\" class=\"wp-block-accordion-item has-border-color has-custom-grey-five-border-color is-layout-flow wp-container-core-accordion-item-is-layout-da20b967 wp-block-accordion-item-is-layout-flow\" style=\"border-width:2px;border-top-left-radius:8px;border-top-right-radius:8px;border-bottom-left-radius:8px;border-bottom-right-radius:8px\">\n<h3 class=\"wp-block-accordion-heading has-custom-rainbow-orange-1-color has-text-color has-link-color has-boldonse-font-family wp-elements-9\"><button aria-expanded=\"false\" aria-controls=\"accordion-item-1-panel\" data-wp-bind--aria-expanded=\"state.isOpen\" data-wp-on--click=\"actions.toggle\" id=\"accordion-item-1\" type=\"button\" class=\"wp-block-accordion-heading__toggle\" style=\"padding-top:20px;padding-right:30px;padding-bottom:20px;padding-left:30px\"><span class=\"wp-block-accordion-heading__toggle-title\" style=\"text-decoration:none\">Pride Parade 2026<\/span><span class=\"wp-block-accordion-heading__toggle-icon\" aria-hidden=\"true\">+<\/span><\/button><\/h3>\n\n\n\n<div aria-labelledby=\"accordion-item-1\" data-wp-bind--hidden=\"state.isHidden\" data-wp-on--beforematch=\"actions.handleBeforeMatch\" id=\"accordion-item-1-panel\" role=\"region\" class=\"wp-block-accordion-panel is-layout-flow wp-container-core-accordion-panel-is-layout-0f346f8e wp-block-accordion-panel-is-layout-flow\" style=\"padding-top:0px;padding-right:30px;padding-bottom:30px;padding-left:30px\">\n<div class=\"wp-block-columns wp-elements-10 is-layout-flex wp-container-core-columns-is-layout-cb22e109 wp-block-columns-is-layout-flex\" style=\"margin-top:-10px\">\n<div class=\"wp-block-column is-vertically-aligned-top is-layout-flow wp-block-column-is-layout-flow\">\n<div class=\"wp-block-group is-layout-flex wp-container-core-group-is-layout-e605592d wp-block-group-is-layout-flex\">\n<p class=\"has-text-align-left has-accent-color has-text-color has-link-color wp-elements-11 wp-block-paragraph\" style=\"font-style:normal;font-weight:600\">Munich  \u2022  Germany<\/p>\n\n\n\n<p class=\"has-text-align-left has-link-color wp-elements-12 wp-block-paragraph\" style=\"font-style:normal;font-weight:600\">27 June 2026<\/p>\n<\/div>\n<\/div>\n\n\n\n<div class=\"wp-block-column is-layout-flow wp-block-column-is-layout-flow\" style=\"flex-basis:60%\">\n<figure class=\"wp-block-image size-large has-custom-border\"><img decoding=\"async\" width=\"1024\" height=\"576\" fetchpriority=\"low\" src=\"https:\/\/teammuenchen.de\/wp-content\/uploads\/2026\/07\/TM_picture_CSD2026_Truck-1024x576.jpg\" alt=\"\" class=\"wp-image-15318\" style=\"border-radius:5px\" srcset=\"https:\/\/teammuenchen.de\/wp-content\/uploads\/2026\/07\/TM_picture_CSD2026_Truck-1024x576.jpg 1024w, https:\/\/teammuenchen.de\/wp-content\/uploads\/2026\/07\/TM_picture_CSD2026_Truck-300x169.jpg 300w, https:\/\/teammuenchen.de\/wp-content\/uploads\/2026\/07\/TM_picture_CSD2026_Truck-768x432.jpg 768w, https:\/\/teammuenchen.de\/wp-content\/uploads\/2026\/07\/TM_picture_CSD2026_Truck-18x10.jpg 18w, https:\/\/teammuenchen.de\/wp-content\/uploads\/2026\/07\/TM_picture_CSD2026_Truck.jpg 1440w\" sizes=\"(max-width: 1024px) 100vw, 1024px\" \/><\/figure>\n<\/div>\n<\/div>\n<\/div>\n<\/div>\n\n\n\n<div data-wp-class--is-open=\"state.isOpen\" data-wp-context=\"{ &quot;id&quot;: &quot;accordion-item-2&quot;, &quot;openByDefault&quot;: false }\" data-wp-init=\"callbacks.initAccordionItems\" data-wp-on-window--hashchange=\"callbacks.hashChange\" class=\"wp-block-accordion-item has-border-color has-custom-grey-five-border-color is-layout-flow wp-container-core-accordion-item-is-layout-da20b967 wp-block-accordion-item-is-layout-flow\" style=\"border-width:2px;border-top-left-radius:8px;border-top-right-radius:8px;border-bottom-left-radius:8px;border-bottom-right-radius:8px\">\n<h3 class=\"wp-block-accordion-heading has-custom-rainbow-orange-1-color has-text-color has-link-color has-boldonse-font-family wp-elements-13\"><button aria-expanded=\"false\" aria-controls=\"accordion-item-2-panel\" data-wp-bind--aria-expanded=\"state.isOpen\" data-wp-on--click=\"actions.toggle\" id=\"accordion-item-2\" type=\"button\" class=\"wp-block-accordion-heading__toggle\" style=\"padding-top:20px;padding-right:30px;padding-bottom:20px;padding-left:30px\"><span class=\"wp-block-accordion-heading__toggle-title\" style=\"text-decoration:none\">Summer Sports Festival 2026<\/span><span class=\"wp-block-accordion-heading__toggle-icon\" aria-hidden=\"true\">+<\/span><\/button><\/h3>\n\n\n\n<div aria-labelledby=\"accordion-item-2\" data-wp-bind--hidden=\"state.isHidden\" data-wp-on--beforematch=\"actions.handleBeforeMatch\" id=\"accordion-item-2-panel\" role=\"region\" class=\"wp-block-accordion-panel is-layout-flow wp-container-core-accordion-panel-is-layout-0f346f8e wp-block-accordion-panel-is-layout-flow\" style=\"padding-top:0px;padding-right:30px;padding-bottom:30px;padding-left:30px\">\n<div class=\"wp-block-columns wp-elements-14 is-layout-flex wp-container-core-columns-is-layout-cb22e109 wp-block-columns-is-layout-flex\" style=\"margin-top:-10px\">\n<div class=\"wp-block-column is-vertically-aligned-top is-layout-flow wp-block-column-is-layout-flow\">\n<div class=\"wp-block-group is-layout-flex wp-container-core-group-is-layout-e605592d wp-block-group-is-layout-flex\">\n<p class=\"has-text-align-left has-accent-color has-text-color has-link-color wp-elements-15 wp-block-paragraph\" style=\"font-style:normal;font-weight:600\">Munich  \u2022  Germany<\/p>\n\n\n\n<p class=\"has-text-align-left has-link-color wp-elements-16 wp-block-paragraph\" style=\"font-style:normal;font-weight:600\">12\u201314 June 2026<\/p>\n<\/div>\n<\/div>\n\n\n\n<div class=\"wp-block-column is-layout-flow wp-block-column-is-layout-flow\" style=\"flex-basis:60%\">\n<figure class=\"wp-block-image size-large has-custom-border\"><img decoding=\"async\" width=\"1024\" height=\"1024\" fetchpriority=\"low\" src=\"https:\/\/teammuenchen.de\/wp-content\/uploads\/2026\/07\/TM_picture_SSF_2026_Flyer-1024x1024.jpg\" alt=\"\" class=\"wp-image-15319\" style=\"border-radius:5px\" srcset=\"https:\/\/teammuenchen.de\/wp-content\/uploads\/2026\/07\/TM_picture_SSF_2026_Flyer-1024x1024.jpg 1024w, https:\/\/teammuenchen.de\/wp-content\/uploads\/2026\/07\/TM_picture_SSF_2026_Flyer-300x300.jpg 300w, https:\/\/teammuenchen.de\/wp-content\/uploads\/2026\/07\/TM_picture_SSF_2026_Flyer-150x150.jpg 150w, https:\/\/teammuenchen.de\/wp-content\/uploads\/2026\/07\/TM_picture_SSF_2026_Flyer-768x768.jpg 768w, https:\/\/teammuenchen.de\/wp-content\/uploads\/2026\/07\/TM_picture_SSF_2026_Flyer-12x12.jpg 12w, https:\/\/teammuenchen.de\/wp-content\/uploads\/2026\/07\/TM_picture_SSF_2026_Flyer.jpg 1440w\" sizes=\"(max-width: 1024px) 100vw, 1024px\" \/><\/figure>\n<\/div>\n<\/div>\n<\/div>\n<\/div>\n\n\n\n<div data-wp-class--is-open=\"state.isOpen\" data-wp-context=\"{ &quot;id&quot;: &quot;accordion-item-3&quot;, &quot;openByDefault&quot;: false }\" data-wp-init=\"callbacks.initAccordionItems\" data-wp-on-window--hashchange=\"callbacks.hashChange\" class=\"wp-block-accordion-item has-border-color has-custom-grey-five-border-color is-layout-flow wp-container-core-accordion-item-is-layout-da20b967 wp-block-accordion-item-is-layout-flow\" style=\"border-width:2px;border-top-left-radius:8px;border-top-right-radius:8px;border-bottom-left-radius:8px;border-bottom-right-radius:8px\">\n<h3 class=\"wp-block-accordion-heading has-custom-rainbow-orange-1-color has-text-color has-link-color has-boldonse-font-family wp-elements-17\"><button aria-expanded=\"false\" aria-controls=\"accordion-item-3-panel\" data-wp-bind--aria-expanded=\"state.isOpen\" data-wp-on--click=\"actions.toggle\" id=\"accordion-item-3\" type=\"button\" class=\"wp-block-accordion-heading__toggle\" style=\"padding-top:20px;padding-right:30px;padding-bottom:20px;padding-left:30px\"><span class=\"wp-block-accordion-heading__toggle-title\" style=\"text-decoration:none\">Queer Tango Argentino Marathon<\/span><span class=\"wp-block-accordion-heading__toggle-icon\" aria-hidden=\"true\">+<\/span><\/button><\/h3>\n\n\n\n<div aria-labelledby=\"accordion-item-3\" data-wp-bind--hidden=\"state.isHidden\" data-wp-on--beforematch=\"actions.handleBeforeMatch\" id=\"accordion-item-3-panel\" role=\"region\" class=\"wp-block-accordion-panel is-layout-flow wp-container-core-accordion-panel-is-layout-0f346f8e wp-block-accordion-panel-is-layout-flow\" style=\"padding-top:0px;padding-right:30px;padding-bottom:30px;padding-left:30px\">\n<div class=\"wp-block-columns wp-elements-18 is-layout-flex wp-container-core-columns-is-layout-cb22e109 wp-block-columns-is-layout-flex\" style=\"margin-top:-10px\">\n<div class=\"wp-block-column is-vertically-aligned-top is-layout-flow wp-block-column-is-layout-flow\">\n<div class=\"wp-block-group is-layout-flex wp-container-core-group-is-layout-e605592d wp-block-group-is-layout-flex\">\n<p class=\"has-text-align-left has-accent-color has-text-color has-link-color wp-elements-19 wp-block-paragraph\" style=\"font-style:normal;font-weight:600\">Munich  \u2022  Germany<\/p>\n\n\n\n<p class=\"has-text-align-left has-link-color wp-elements-20 wp-block-paragraph\" style=\"font-style:normal;font-weight:600\">12 - 14 September 2025<\/p>\n<\/div>\n\n\n\n<p class=\"has-text-align-left wp-block-paragraph\">We hosted the International Queer Tango Argentino Marathon. Around 140 dancers from several European countries gathered at Kultur im Trafo, where they danced for 30 hours to classical, neo-tango and non-tango music.<\/p>\n<\/div>\n\n\n\n<div class=\"wp-block-column is-layout-flow wp-block-column-is-layout-flow\" style=\"flex-basis:60%\">\n<figure class=\"wp-block-image size-large has-custom-border\"><img decoding=\"async\" width=\"1024\" height=\"576\" fetchpriority=\"low\" src=\"https:\/\/teammuenchen.de\/wp-content\/uploads\/2026\/02\/TM_picture_QueerTangoMarathon-1024x576.jpg\" alt=\"\" class=\"wp-image-13933\" style=\"border-radius:5px\" srcset=\"https:\/\/teammuenchen.de\/wp-content\/uploads\/2026\/02\/TM_picture_QueerTangoMarathon-1024x576.jpg 1024w, https:\/\/teammuenchen.de\/wp-content\/uploads\/2026\/02\/TM_picture_QueerTangoMarathon-300x169.jpg 300w, https:\/\/teammuenchen.de\/wp-content\/uploads\/2026\/02\/TM_picture_QueerTangoMarathon-768x432.jpg 768w, https:\/\/teammuenchen.de\/wp-content\/uploads\/2026\/02\/TM_picture_QueerTangoMarathon-18x10.jpg 18w, https:\/\/teammuenchen.de\/wp-content\/uploads\/2026\/02\/TM_picture_QueerTangoMarathon.jpg 1440w\" sizes=\"(max-width: 1024px) 100vw, 1024px\" \/><\/figure>\n<\/div>\n<\/div>\n<\/div>\n<\/div>\n\n\n\n<div data-wp-class--is-open=\"state.isOpen\" data-wp-context=\"{ &quot;id&quot;: &quot;accordion-item-4&quot;, &quot;openByDefault&quot;: false }\" data-wp-init=\"callbacks.initAccordionItems\" data-wp-on-window--hashchange=\"callbacks.hashChange\" class=\"wp-block-accordion-item has-border-color has-custom-grey-five-border-color is-layout-flow wp-container-core-accordion-item-is-layout-da20b967 wp-block-accordion-item-is-layout-flow\" style=\"border-width:2px;border-top-left-radius:8px;border-top-right-radius:8px;border-bottom-left-radius:8px;border-bottom-right-radius:8px\">\n<h3 class=\"wp-block-accordion-heading has-custom-rainbow-orange-1-color has-text-color has-link-color has-boldonse-font-family wp-elements-21\"><button aria-expanded=\"false\" aria-controls=\"accordion-item-4-panel\" data-wp-bind--aria-expanded=\"state.isOpen\" data-wp-on--click=\"actions.toggle\" id=\"accordion-item-4\" type=\"button\" class=\"wp-block-accordion-heading__toggle\" style=\"padding-top:20px;padding-right:30px;padding-bottom:20px;padding-left:30px\"><span class=\"wp-block-accordion-heading__toggle-title\" style=\"text-decoration:none\">CSD Parade 2025<\/span><span class=\"wp-block-accordion-heading__toggle-icon\" aria-hidden=\"true\">+<\/span><\/button><\/h3>\n\n\n\n<div aria-labelledby=\"accordion-item-4\" data-wp-bind--hidden=\"state.isHidden\" data-wp-on--beforematch=\"actions.handleBeforeMatch\" id=\"accordion-item-4-panel\" role=\"region\" class=\"wp-block-accordion-panel is-layout-flow wp-container-core-accordion-panel-is-layout-0f346f8e wp-block-accordion-panel-is-layout-flow\" style=\"padding-top:0px;padding-right:30px;padding-bottom:30px;padding-left:30px\">\n<div class=\"wp-block-columns wp-elements-22 is-layout-flex wp-container-core-columns-is-layout-cb22e109 wp-block-columns-is-layout-flex\" style=\"margin-top:-10px\">\n<div class=\"wp-block-column is-vertically-aligned-top is-layout-flow wp-block-column-is-layout-flow\">\n<div class=\"wp-block-group is-layout-flex wp-block-group-is-layout-flex\">\n<p class=\"has-text-align-left has-accent-color has-text-color has-link-color has-large-font-size wp-elements-23 wp-block-paragraph\" style=\"font-style:normal;font-weight:600\">Munich  \u2022  Germany<\/p>\n\n\n\n<p class=\"has-text-align-left has-link-color wp-elements-24 wp-block-paragraph\" style=\"font-style:normal;font-weight:600\">28 June 2025<\/p>\n<\/div>\n<\/div>\n\n\n\n<div class=\"wp-block-column is-layout-flow wp-block-column-is-layout-flow\" style=\"flex-basis:60%\">\n<figure class=\"wp-block-image size-large has-custom-border\"><img decoding=\"async\" width=\"1024\" height=\"576\" fetchpriority=\"low\" src=\"https:\/\/teammuenchen.de\/wp-content\/uploads\/2025\/11\/TM_picture_CSD2025_Truck-1024x576.jpg\" alt=\"\" class=\"wp-image-11519\" style=\"border-radius:5px\" srcset=\"https:\/\/teammuenchen.de\/wp-content\/uploads\/2025\/11\/TM_picture_CSD2025_Truck-1024x576.jpg 1024w, https:\/\/teammuenchen.de\/wp-content\/uploads\/2025\/11\/TM_picture_CSD2025_Truck-300x169.jpg 300w, https:\/\/teammuenchen.de\/wp-content\/uploads\/2025\/11\/TM_picture_CSD2025_Truck-768x432.jpg 768w, https:\/\/teammuenchen.de\/wp-content\/uploads\/2025\/11\/TM_picture_CSD2025_Truck-18x10.jpg 18w, https:\/\/teammuenchen.de\/wp-content\/uploads\/2025\/11\/TM_picture_CSD2025_Truck.jpg 1440w\" sizes=\"(max-width: 1024px) 100vw, 1024px\" \/><\/figure>\n<\/div>\n<\/div>\n<\/div>\n<\/div>\n\n\n\n<div data-wp-class--is-open=\"state.isOpen\" data-wp-context=\"{ &quot;id&quot;: &quot;accordion-item-5&quot;, &quot;openByDefault&quot;: false }\" data-wp-init=\"callbacks.initAccordionItems\" data-wp-on-window--hashchange=\"callbacks.hashChange\" class=\"wp-block-accordion-item has-border-color has-custom-grey-five-border-color is-layout-flow wp-container-core-accordion-item-is-layout-da20b967 wp-block-accordion-item-is-layout-flow\" style=\"border-width:2px;border-top-left-radius:8px;border-top-right-radius:8px;border-bottom-left-radius:8px;border-bottom-right-radius:8px\">\n<h3 class=\"wp-block-accordion-heading has-custom-rainbow-orange-1-color has-text-color has-link-color has-boldonse-font-family wp-elements-25\"><button aria-expanded=\"false\" aria-controls=\"accordion-item-5-panel\" data-wp-bind--aria-expanded=\"state.isOpen\" data-wp-on--click=\"actions.toggle\" id=\"accordion-item-5\" type=\"button\" class=\"wp-block-accordion-heading__toggle\" style=\"padding-top:20px;padding-right:30px;padding-bottom:20px;padding-left:30px\"><span class=\"wp-block-accordion-heading__toggle-title\" style=\"text-decoration:none\">LGBTQ+ Euro Handball Championship 2024<\/span><span class=\"wp-block-accordion-heading__toggle-icon\" aria-hidden=\"true\">+<\/span><\/button><\/h3>\n\n\n\n<div aria-labelledby=\"accordion-item-5\" data-wp-bind--hidden=\"state.isHidden\" data-wp-on--beforematch=\"actions.handleBeforeMatch\" id=\"accordion-item-5-panel\" role=\"region\" class=\"wp-block-accordion-panel is-layout-flow wp-container-core-accordion-panel-is-layout-0f346f8e wp-block-accordion-panel-is-layout-flow\" style=\"padding-top:0px;padding-right:30px;padding-bottom:30px;padding-left:30px\">\n<div class=\"wp-block-columns wp-elements-26 is-layout-flex wp-container-core-columns-is-layout-cb22e109 wp-block-columns-is-layout-flex\" style=\"margin-top:-10px\">\n<div class=\"wp-block-column is-layout-flow wp-block-column-is-layout-flow\">\n<div class=\"wp-block-group is-nowrap is-layout-flex wp-container-core-group-is-layout-0e47273b wp-block-group-is-layout-flex\">\n<p class=\"has-text-align-left has-accent-color has-text-color has-link-color has-large-font-size wp-elements-27 wp-block-paragraph\" style=\"font-style:normal;font-weight:600\">Munich  \u2022  Germany<\/p>\n\n\n\n<p class=\"has-text-align-center wp-block-paragraph\" style=\"font-style:normal;font-weight:600\">18 August 2024<\/p>\n<\/div>\n\n\n\n<div class=\"wp-block-group is-nowrap is-layout-flex wp-container-core-group-is-layout-3a815747 wp-block-group-is-layout-flex\">\n<ul style=\"font-style:normal;font-weight:600\" class=\"wp-block-list\">\n<li>18 teams from 7 countries<\/li>\n\n\n\n<li>231 participants with 26 nationalities<\/li>\n\n\n\n<li>9 referees and 35 volunteers<\/li>\n<\/ul>\n\n\n\n<figure class=\"wp-block-image aligncenter size-large is-resized has-custom-border\"><img decoding=\"async\" width=\"963\" height=\"1024\" fetchpriority=\"low\" src=\"https:\/\/teammuenchen.de\/wp-content\/uploads\/2025\/06\/TM_picture_LGBTQEHC_Logo-963x1024.png\" alt=\"\" class=\"wp-image-9942\" style=\"border-radius:3px;width:150px\" srcset=\"https:\/\/teammuenchen.de\/wp-content\/uploads\/2025\/06\/TM_picture_LGBTQEHC_Logo-963x1024.png 963w, https:\/\/teammuenchen.de\/wp-content\/uploads\/2025\/06\/TM_picture_LGBTQEHC_Logo-282x300.png 282w, https:\/\/teammuenchen.de\/wp-content\/uploads\/2025\/06\/TM_picture_LGBTQEHC_Logo-768x816.png 768w, https:\/\/teammuenchen.de\/wp-content\/uploads\/2025\/06\/TM_picture_LGBTQEHC_Logo-11x12.png 11w, https:\/\/teammuenchen.de\/wp-content\/uploads\/2025\/06\/TM_picture_LGBTQEHC_Logo.png 1156w\" sizes=\"(max-width: 963px) 100vw, 963px\" \/><\/figure>\n<\/div>\n\n\n\n<figure class=\"wp-block-image size-large has-custom-border block-visibility-hide-large-screen block-visibility-hide-medium-screen\"><img decoding=\"async\" fetchpriority=\"low\" src=\"https:\/\/teammuenchen.de\/wp-content\/uploads\/2025\/06\/TM_Handball_Erfahrungen_04-1024x576.jpg\" alt=\"\" style=\"border-radius:5px\"><\/figure>\n\n\n\n<p class=\"has-text-align-left wp-block-paragraph\">The LGBTQ+ Euro Handball Championship is an annual international handball tournament for the European LGBTIQ* community. In 2024, it took place in Munich \u2013 organised by Team Munich.<\/p>\n<\/div>\n\n\n\n<div class=\"wp-block-column is-layout-flow wp-block-column-is-layout-flow\">\n<figure class=\"wp-block-image size-large has-custom-border block-visibility-hide-small-screen\"><img decoding=\"async\" fetchpriority=\"low\" src=\"https:\/\/teammuenchen.de\/wp-content\/uploads\/2025\/06\/TM_Handball_Erfahrungen_04-1024x576.jpg\" alt=\"\" style=\"border-radius:5px\"><\/figure>\n\n\n\n<figure class=\"wp-block-image size-large has-custom-border\"><img decoding=\"async\" width=\"1024\" height=\"576\" fetchpriority=\"low\" src=\"https:\/\/teammuenchen.de\/wp-content\/uploads\/2025\/06\/TM_Handball_Erfahrungen_03-1024x576.jpg\" alt=\"\" class=\"wp-image-9580\" style=\"border-radius:5px\" srcset=\"https:\/\/teammuenchen.de\/wp-content\/uploads\/2025\/06\/TM_Handball_Erfahrungen_03-1024x576.jpg 1024w, https:\/\/teammuenchen.de\/wp-content\/uploads\/2025\/06\/TM_Handball_Erfahrungen_03-300x169.jpg 300w, https:\/\/teammuenchen.de\/wp-content\/uploads\/2025\/06\/TM_Handball_Erfahrungen_03-768x432.jpg 768w, https:\/\/teammuenchen.de\/wp-content\/uploads\/2025\/06\/TM_Handball_Erfahrungen_03-18x10.jpg 18w, https:\/\/teammuenchen.de\/wp-content\/uploads\/2025\/06\/TM_Handball_Erfahrungen_03.jpg 1440w\" sizes=\"(max-width: 1024px) 100vw, 1024px\" \/><\/figure>\n<\/div>\n<\/div>\n<\/div>\n<\/div>\n\n\n\n<div data-wp-class--is-open=\"state.isOpen\" data-wp-context=\"{ &quot;id&quot;: &quot;accordion-item-6&quot;, &quot;openByDefault&quot;: false }\" data-wp-init=\"callbacks.initAccordionItems\" data-wp-on-window--hashchange=\"callbacks.hashChange\" class=\"wp-block-accordion-item has-border-color has-custom-grey-five-border-color is-layout-flow wp-container-core-accordion-item-is-layout-da20b967 wp-block-accordion-item-is-layout-flow\" style=\"border-width:2px;border-top-left-radius:8px;border-top-right-radius:8px;border-bottom-left-radius:8px;border-bottom-right-radius:8px\">\n<h3 class=\"wp-block-accordion-heading has-custom-rainbow-orange-1-color has-text-color has-link-color has-boldonse-font-family wp-elements-28\"><button aria-expanded=\"false\" aria-controls=\"accordion-item-6-panel\" data-wp-bind--aria-expanded=\"state.isOpen\" data-wp-on--click=\"actions.toggle\" id=\"accordion-item-6\" type=\"button\" class=\"wp-block-accordion-heading__toggle\" style=\"padding-top:20px;padding-right:30px;padding-bottom:20px;padding-left:30px\"><span class=\"wp-block-accordion-heading__toggle-title\" style=\"text-decoration:none\">Pride Parade 2024<\/span><span class=\"wp-block-accordion-heading__toggle-icon\" aria-hidden=\"true\">+<\/span><\/button><\/h3>\n\n\n\n<div aria-labelledby=\"accordion-item-6\" data-wp-bind--hidden=\"state.isHidden\" data-wp-on--beforematch=\"actions.handleBeforeMatch\" id=\"accordion-item-6-panel\" role=\"region\" class=\"wp-block-accordion-panel is-layout-flow wp-block-accordion-panel-is-layout-flow\" style=\"padding-top:0px;padding-right:30px;padding-bottom:30px;padding-left:30px\">\n<div class=\"wp-block-columns wp-elements-29 is-layout-flex wp-container-core-columns-is-layout-cb22e109 wp-block-columns-is-layout-flex\" style=\"margin-top:-10px\">\n<div class=\"wp-block-column is-vertically-aligned-top is-layout-flow wp-block-column-is-layout-flow\">\n<div class=\"wp-block-group is-layout-flex wp-block-group-is-layout-flex\">\n<p class=\"has-text-align-center has-accent-color has-text-color has-link-color has-large-font-size wp-elements-30 wp-block-paragraph\" style=\"font-style:normal;font-weight:600\">Munich  \u2022  Germany<\/p>\n\n\n\n<p class=\"has-text-align-center wp-block-paragraph\" style=\"font-style:normal;font-weight:600\">22 June 2024<\/p>\n<\/div>\n<\/div>\n\n\n\n<div class=\"wp-block-column is-vertically-aligned-top is-layout-flow wp-block-column-is-layout-flow\" style=\"flex-basis:60%\">\n<figure class=\"wp-block-image size-large has-custom-border\"><img decoding=\"async\" width=\"1440\" height=\"960\" fetchpriority=\"low\" src=\"https:\/\/teammuenchen.de\/wp-content\/uploads\/2025\/06\/TM_picture_CSD2024_Team.jpg\" alt=\"\" class=\"wp-image-9934\" style=\"border-radius:5px\" srcset=\"https:\/\/teammuenchen.de\/wp-content\/uploads\/2025\/06\/TM_picture_CSD2024_Team.jpg 1440w, https:\/\/teammuenchen.de\/wp-content\/uploads\/2025\/06\/TM_picture_CSD2024_Team-300x200.jpg 300w, https:\/\/teammuenchen.de\/wp-content\/uploads\/2025\/06\/TM_picture_CSD2024_Team-1024x683.jpg 1024w, https:\/\/teammuenchen.de\/wp-content\/uploads\/2025\/06\/TM_picture_CSD2024_Team-768x512.jpg 768w, https:\/\/teammuenchen.de\/wp-content\/uploads\/2025\/06\/TM_picture_CSD2024_Team-18x12.jpg 18w\" sizes=\"(max-width: 1440px) 100vw, 1440px\" \/><\/figure>\n<\/div>\n<\/div>\n<\/div>\n<\/div>\n\n\n\n<div data-wp-class--is-open=\"state.isOpen\" data-wp-context=\"{ &quot;id&quot;: &quot;accordion-item-7&quot;, &quot;openByDefault&quot;: false }\" data-wp-init=\"callbacks.initAccordionItems\" data-wp-on-window--hashchange=\"callbacks.hashChange\" class=\"wp-block-accordion-item has-border-color has-custom-grey-five-border-color is-layout-flow wp-container-core-accordion-item-is-layout-da20b967 wp-block-accordion-item-is-layout-flow\" style=\"border-width:2px;border-top-left-radius:8px;border-top-right-radius:8px;border-bottom-left-radius:8px;border-bottom-right-radius:8px\">\n<h3 class=\"wp-block-accordion-heading has-custom-rainbow-orange-1-color has-text-color has-link-color has-boldonse-font-family wp-elements-31\"><button aria-expanded=\"false\" aria-controls=\"accordion-item-7-panel\" data-wp-bind--aria-expanded=\"state.isOpen\" data-wp-on--click=\"actions.toggle\" id=\"accordion-item-7\" type=\"button\" class=\"wp-block-accordion-heading__toggle\" style=\"padding-top:20px;padding-right:30px;padding-bottom:20px;padding-left:30px\"><span class=\"wp-block-accordion-heading__toggle-title\" style=\"text-decoration:none\">Summer Sports Festival 2024<\/span><span class=\"wp-block-accordion-heading__toggle-icon\" aria-hidden=\"true\">+<\/span><\/button><\/h3>\n\n\n\n<div aria-labelledby=\"accordion-item-7\" data-wp-bind--hidden=\"state.isHidden\" data-wp-on--beforematch=\"actions.handleBeforeMatch\" id=\"accordion-item-7-panel\" role=\"region\" class=\"wp-block-accordion-panel is-layout-flow wp-block-accordion-panel-is-layout-flow\" style=\"padding-top:0px;padding-right:30px;padding-bottom:30px;padding-left:30px\">\n<div class=\"wp-block-columns wp-elements-32 is-layout-flex wp-container-core-columns-is-layout-cb22e109 wp-block-columns-is-layout-flex\" style=\"margin-top:-10px\">\n<div class=\"wp-block-column is-vertically-aligned-top is-layout-flow wp-block-column-is-layout-flow\">\n<div class=\"wp-block-group is-layout-flex wp-block-group-is-layout-flex\">\n<p class=\"has-text-align-left has-accent-color has-text-color has-link-color has-large-font-size wp-elements-33 wp-block-paragraph\" style=\"font-style:normal;font-weight:600\">Munich  \u2022  Germany<\/p>\n\n\n\n<p class=\"has-text-align-left has-link-color wp-elements-34 wp-block-paragraph\" style=\"font-style:normal;font-weight:600\">7 - 9 June 2024<\/p>\n<\/div>\n\n\n\n<p class=\"has-text-align-left wp-block-paragraph\">Our 11th Summer Sports Festival offered a variety of sports \u2013 from badminton to football to rugby \u2013 and workshops such as salsa, Argentine tango and yoga. We celebrated our 25th anniversary with a big party at the end!<\/p>\n<\/div>\n\n\n\n<div class=\"wp-block-column is-vertically-aligned-top is-layout-flow wp-block-column-is-layout-flow\" style=\"flex-basis:60%\">\n<figure class=\"wp-block-image size-full has-custom-border\"><img decoding=\"async\" width=\"1440\" height=\"1440\" fetchpriority=\"low\" src=\"https:\/\/teammuenchen.de\/wp-content\/uploads\/2025\/06\/TM_picture_SSF_2024_Flyer.jpg\" alt=\"\" class=\"wp-image-9936\" style=\"border-radius:5px\" srcset=\"https:\/\/teammuenchen.de\/wp-content\/uploads\/2025\/06\/TM_picture_SSF_2024_Flyer.jpg 1440w, https:\/\/teammuenchen.de\/wp-content\/uploads\/2025\/06\/TM_picture_SSF_2024_Flyer-300x300.jpg 300w, https:\/\/teammuenchen.de\/wp-content\/uploads\/2025\/06\/TM_picture_SSF_2024_Flyer-1024x1024.jpg 1024w, https:\/\/teammuenchen.de\/wp-content\/uploads\/2025\/06\/TM_picture_SSF_2024_Flyer-150x150.jpg 150w, https:\/\/teammuenchen.de\/wp-content\/uploads\/2025\/06\/TM_picture_SSF_2024_Flyer-768x768.jpg 768w, https:\/\/teammuenchen.de\/wp-content\/uploads\/2025\/06\/TM_picture_SSF_2024_Flyer-12x12.jpg 12w\" sizes=\"(max-width: 1440px) 100vw, 1440px\" \/><\/figure>\n<\/div>\n<\/div>\n<\/div>\n<\/div>\n\n\n\n<div data-wp-class--is-open=\"state.isOpen\" data-wp-context=\"{ &quot;id&quot;: &quot;accordion-item-8&quot;, &quot;openByDefault&quot;: false }\" data-wp-init=\"callbacks.initAccordionItems\" data-wp-on-window--hashchange=\"callbacks.hashChange\" class=\"wp-block-accordion-item has-border-color has-custom-grey-five-border-color is-layout-flow wp-container-core-accordion-item-is-layout-da20b967 wp-block-accordion-item-is-layout-flow\" style=\"border-width:2px;border-top-left-radius:8px;border-top-right-radius:8px;border-bottom-left-radius:8px;border-bottom-right-radius:8px\">\n<h3 class=\"wp-block-accordion-heading has-custom-rainbow-orange-1-color has-text-color has-link-color has-boldonse-font-family wp-elements-35\"><button aria-expanded=\"false\" aria-controls=\"accordion-item-8-panel\" data-wp-bind--aria-expanded=\"state.isOpen\" data-wp-on--click=\"actions.toggle\" id=\"accordion-item-8\" type=\"button\" class=\"wp-block-accordion-heading__toggle\" style=\"padding-top:20px;padding-right:30px;padding-bottom:20px;padding-left:30px\"><span class=\"wp-block-accordion-heading__toggle-title\" style=\"text-decoration:none\">Pride Parade 2023<\/span><span class=\"wp-block-accordion-heading__toggle-icon\" aria-hidden=\"true\">+<\/span><\/button><\/h3>\n\n\n\n<div aria-labelledby=\"accordion-item-8\" data-wp-bind--hidden=\"state.isHidden\" data-wp-on--beforematch=\"actions.handleBeforeMatch\" id=\"accordion-item-8-panel\" role=\"region\" class=\"wp-block-accordion-panel is-layout-flow wp-block-accordion-panel-is-layout-flow\" style=\"padding-top:0px;padding-right:30px;padding-bottom:30px;padding-left:30px\">\n<div class=\"wp-block-columns wp-elements-36 is-layout-flex wp-container-core-columns-is-layout-cb22e109 wp-block-columns-is-layout-flex\" style=\"margin-top:-10px\">\n<div class=\"wp-block-column is-vertically-aligned-top is-layout-flow wp-block-column-is-layout-flow\">\n<div class=\"wp-block-group is-layout-flex wp-block-group-is-layout-flex\">\n<p class=\"has-text-align-left has-accent-color has-text-color has-link-color has-large-font-size wp-elements-37 wp-block-paragraph\" style=\"font-style:normal;font-weight:600\">Munich  \u2022  Germany<\/p>\n\n\n\n<p class=\"has-text-align-left has-link-color wp-elements-38 wp-block-paragraph\" style=\"font-style:normal;font-weight:600\">24 June 2023<\/p>\n<\/div>\n<\/div>\n\n\n\n<div class=\"wp-block-column is-vertically-aligned-top is-layout-flow wp-block-column-is-layout-flow\" style=\"flex-basis:60%\">\n<figure class=\"wp-block-image size-large has-custom-border\"><img decoding=\"async\" width=\"1440\" height=\"810\" fetchpriority=\"low\" src=\"https:\/\/teammuenchen.de\/wp-content\/uploads\/2025\/06\/TM_picture_CSD2023_Truck.jpg\" alt=\"\" class=\"wp-image-9933\" style=\"border-radius:5px\" srcset=\"https:\/\/teammuenchen.de\/wp-content\/uploads\/2025\/06\/TM_picture_CSD2023_Truck.jpg 1440w, https:\/\/teammuenchen.de\/wp-content\/uploads\/2025\/06\/TM_picture_CSD2023_Truck-300x169.jpg 300w, https:\/\/teammuenchen.de\/wp-content\/uploads\/2025\/06\/TM_picture_CSD2023_Truck-1024x576.jpg 1024w, https:\/\/teammuenchen.de\/wp-content\/uploads\/2025\/06\/TM_picture_CSD2023_Truck-768x432.jpg 768w, https:\/\/teammuenchen.de\/wp-content\/uploads\/2025\/06\/TM_picture_CSD2023_Truck-18x10.jpg 18w\" sizes=\"(max-width: 1440px) 100vw, 1440px\" \/><\/figure>\n<\/div>\n<\/div>\n<\/div>\n<\/div>\n\n\n\n<div data-wp-class--is-open=\"state.isOpen\" data-wp-context=\"{ &quot;id&quot;: &quot;accordion-item-9&quot;, &quot;openByDefault&quot;: false }\" data-wp-init=\"callbacks.initAccordionItems\" data-wp-on-window--hashchange=\"callbacks.hashChange\" class=\"wp-block-accordion-item has-border-color has-custom-grey-five-border-color is-layout-flow wp-container-core-accordion-item-is-layout-da20b967 wp-block-accordion-item-is-layout-flow\" style=\"border-width:2px;border-top-left-radius:8px;border-top-right-radius:8px;border-bottom-left-radius:8px;border-bottom-right-radius:8px\">\n<h3 class=\"wp-block-accordion-heading has-custom-rainbow-orange-1-color has-text-color has-link-color has-boldonse-font-family wp-elements-39\"><button aria-expanded=\"false\" aria-controls=\"accordion-item-9-panel\" data-wp-bind--aria-expanded=\"state.isOpen\" data-wp-on--click=\"actions.toggle\" id=\"accordion-item-9\" type=\"button\" class=\"wp-block-accordion-heading__toggle\" style=\"padding-top:20px;padding-right:30px;padding-bottom:20px;padding-left:30px\"><span class=\"wp-block-accordion-heading__toggle-title\" style=\"text-decoration:none\">Summer Sports Festival 2022<\/span><span class=\"wp-block-accordion-heading__toggle-icon\" aria-hidden=\"true\">+<\/span><\/button><\/h3>\n\n\n\n<div aria-labelledby=\"accordion-item-9\" data-wp-bind--hidden=\"state.isHidden\" data-wp-on--beforematch=\"actions.handleBeforeMatch\" id=\"accordion-item-9-panel\" role=\"region\" class=\"wp-block-accordion-panel is-layout-flow wp-block-accordion-panel-is-layout-flow\" style=\"padding-top:0px;padding-right:30px;padding-bottom:30px;padding-left:30px\">\n<div class=\"wp-block-columns wp-elements-40 is-layout-flex wp-container-core-columns-is-layout-cb22e109 wp-block-columns-is-layout-flex\" style=\"margin-top:-10px\">\n<div class=\"wp-block-column is-vertically-aligned-top is-layout-flow wp-block-column-is-layout-flow\">\n<div class=\"wp-block-group is-layout-flex wp-block-group-is-layout-flex\">\n<p class=\"has-text-align-left has-accent-color has-text-color has-link-color has-large-font-size wp-elements-41 wp-block-paragraph\" style=\"font-style:normal;font-weight:600\">Munich  \u2022  Germany<\/p>\n\n\n\n<p class=\"has-text-align-left has-link-color wp-elements-42 wp-block-paragraph\" style=\"font-style:normal;font-weight:600\">1 - 3 July<\/p>\n<\/div>\n<\/div>\n\n\n\n<div class=\"wp-block-column is-vertically-aligned-top is-layout-flow wp-block-column-is-layout-flow\" style=\"flex-basis:60%\">\n<figure class=\"wp-block-image size-full has-custom-border\"><img decoding=\"async\" width=\"1440\" height=\"1440\" fetchpriority=\"low\" src=\"https:\/\/teammuenchen.de\/wp-content\/uploads\/2025\/06\/TM_picture_SSF_2022_Flyer.jpg\" alt=\"\" class=\"wp-image-9931\" style=\"border-radius:5px\" srcset=\"https:\/\/teammuenchen.de\/wp-content\/uploads\/2025\/06\/TM_picture_SSF_2022_Flyer.jpg 1440w, https:\/\/teammuenchen.de\/wp-content\/uploads\/2025\/06\/TM_picture_SSF_2022_Flyer-300x300.jpg 300w, https:\/\/teammuenchen.de\/wp-content\/uploads\/2025\/06\/TM_picture_SSF_2022_Flyer-1024x1024.jpg 1024w, https:\/\/teammuenchen.de\/wp-content\/uploads\/2025\/06\/TM_picture_SSF_2022_Flyer-150x150.jpg 150w, https:\/\/teammuenchen.de\/wp-content\/uploads\/2025\/06\/TM_picture_SSF_2022_Flyer-768x768.jpg 768w, https:\/\/teammuenchen.de\/wp-content\/uploads\/2025\/06\/TM_picture_SSF_2022_Flyer-12x12.jpg 12w\" sizes=\"(max-width: 1440px) 100vw, 1440px\" \/><\/figure>\n<\/div>\n<\/div>\n<\/div>\n<\/div>\n\n\n\n<div data-wp-class--is-open=\"state.isOpen\" data-wp-context=\"{ &quot;id&quot;: &quot;accordion-item-10&quot;, &quot;openByDefault&quot;: false }\" data-wp-init=\"callbacks.initAccordionItems\" data-wp-on-window--hashchange=\"callbacks.hashChange\" class=\"wp-block-accordion-item has-border-color has-custom-grey-five-border-color is-layout-flow wp-container-core-accordion-item-is-layout-da20b967 wp-block-accordion-item-is-layout-flow\" style=\"border-width:2px;border-top-left-radius:8px;border-top-right-radius:8px;border-bottom-left-radius:8px;border-bottom-right-radius:8px\">\n<h3 class=\"wp-block-accordion-heading has-custom-rainbow-orange-1-color has-text-color has-link-color has-boldonse-font-family wp-elements-43\"><button aria-expanded=\"false\" aria-controls=\"accordion-item-10-panel\" data-wp-bind--aria-expanded=\"state.isOpen\" data-wp-on--click=\"actions.toggle\" id=\"accordion-item-10\" type=\"button\" class=\"wp-block-accordion-heading__toggle\" style=\"padding-top:20px;padding-right:30px;padding-bottom:20px;padding-left:30px\"><span class=\"wp-block-accordion-heading__toggle-title\" style=\"text-decoration:none\">Pride Parade 2022<\/span><span class=\"wp-block-accordion-heading__toggle-icon\" aria-hidden=\"true\">+<\/span><\/button><\/h3>\n\n\n\n<div aria-labelledby=\"accordion-item-10\" data-wp-bind--hidden=\"state.isHidden\" data-wp-on--beforematch=\"actions.handleBeforeMatch\" id=\"accordion-item-10-panel\" role=\"region\" class=\"wp-block-accordion-panel is-layout-flow wp-container-core-accordion-panel-is-layout-fb1d9595 wp-block-accordion-panel-is-layout-flow\" style=\"padding-top:0px;padding-right:30px;padding-bottom:30px;padding-left:30px\">\n<div class=\"wp-block-columns wp-elements-44 is-layout-flex wp-container-core-columns-is-layout-cb22e109 wp-block-columns-is-layout-flex\" style=\"margin-top:-10px\">\n<div class=\"wp-block-column is-vertically-aligned-top is-layout-flow wp-block-column-is-layout-flow\">\n<div class=\"wp-block-group is-layout-flex wp-block-group-is-layout-flex\">\n<p class=\"has-text-align-left has-accent-color has-text-color has-link-color has-large-font-size wp-elements-45 wp-block-paragraph\" style=\"font-style:normal;font-weight:600\">Munich  \u2022  Germany<\/p>\n\n\n\n<p class=\"has-text-align-left has-link-color wp-elements-46 wp-block-paragraph\" style=\"font-style:normal;font-weight:600\">16 July 2022<\/p>\n<\/div>\n<\/div>\n\n\n\n<div class=\"wp-block-column is-vertically-aligned-top is-layout-flow wp-block-column-is-layout-flow\" style=\"flex-basis:60%\">\n<figure class=\"wp-block-image size-large has-custom-border\"><img decoding=\"async\" width=\"1440\" height=\"960\" fetchpriority=\"low\" src=\"https:\/\/teammuenchen.de\/wp-content\/uploads\/2025\/06\/TM_picture_CSD2022_Truck02.jpg\" alt=\"\" class=\"wp-image-9935\" style=\"border-radius:5px\" srcset=\"https:\/\/teammuenchen.de\/wp-content\/uploads\/2025\/06\/TM_picture_CSD2022_Truck02.jpg 1440w, https:\/\/teammuenchen.de\/wp-content\/uploads\/2025\/06\/TM_picture_CSD2022_Truck02-300x200.jpg 300w, https:\/\/teammuenchen.de\/wp-content\/uploads\/2025\/06\/TM_picture_CSD2022_Truck02-1024x683.jpg 1024w, https:\/\/teammuenchen.de\/wp-content\/uploads\/2025\/06\/TM_picture_CSD2022_Truck02-768x512.jpg 768w, https:\/\/teammuenchen.de\/wp-content\/uploads\/2025\/06\/TM_picture_CSD2022_Truck02-18x12.jpg 18w\" sizes=\"(max-width: 1440px) 100vw, 1440px\" \/><\/figure>\n<\/div>\n<\/div>\n<\/div>\n<\/div>\n<\/div>\n<\/div>\n<\/div>\n\n\n\n<p class=\"wp-block-paragraph\"><\/p>","protected":false},"excerpt":{"rendered":"<p>Dein queerer Sportverein in Bayerns Landeshauptstadt. Team M\u00fcnchen \u2014Die sportliche Vielfalt. Mit \u00fcber 1.000 Mitgliedern sind wir der gr\u00f6\u00dfte queere Sportverein Bayerns. Seit unserer Gr\u00fcndung setzen sich viele engagierte Menschen daf\u00fcr ein, den Verein in M\u00fcnchen und in der bundesweiten LGBTIQ+ Community sichtbar zu machen und weiterzuentwickeln. Unser Motto lautet: Gemeinsam sind wir st\u00e4rker Aktuell [&hellip;]<\/p>\n","protected":false},"author":25,"featured_media":11841,"parent":6787,"menu_order":1,"comment_status":"closed","ping_status":"closed","template":"","meta":{"_acf_changed":false,"footnotes":""},"class_list":["post-7431","page","type-page","status-publish","has-post-thumbnail","hentry"],"acf":[],"_links":{"self":[{"href":"https:\/\/teammuenchen.de\/en\/wp-json\/wp\/v2\/pages\/7431","targetHints":{"allow":["GET"]}}],"collection":[{"href":"https:\/\/teammuenchen.de\/en\/wp-json\/wp\/v2\/pages"}],"about":[{"href":"https:\/\/teammuenchen.de\/en\/wp-json\/wp\/v2\/types\/page"}],"author":[{"embeddable":true,"href":"https:\/\/teammuenchen.de\/en\/wp-json\/wp\/v2\/users\/25"}],"replies":[{"embeddable":true,"href":"https:\/\/teammuenchen.de\/en\/wp-json\/wp\/v2\/comments?post=7431"}],"version-history":[{"count":3,"href":"https:\/\/teammuenchen.de\/en\/wp-json\/wp\/v2\/pages\/7431\/revisions"}],"predecessor-version":[{"id":15321,"href":"https:\/\/teammuenchen.de\/en\/wp-json\/wp\/v2\/pages\/7431\/revisions\/15321"}],"up":[{"embeddable":true,"href":"https:\/\/teammuenchen.de\/en\/wp-json\/wp\/v2\/pages\/6787"}],"wp:featuredmedia":[{"embeddable":true,"href":"https:\/\/teammuenchen.de\/en\/wp-json\/wp\/v2\/media\/11841"}],"wp:attachment":[{"href":"https:\/\/teammuenchen.de\/en\/wp-json\/wp\/v2\/media?parent=7431"}],"curies":[{"name":"wp","href":"https:\/\/api.w.org\/{rel}","templated":true}]}}